{"id":48,"date":"2021-04-23T13:23:49","date_gmt":"2021-04-23T11:23:49","guid":{"rendered":"http:\/\/accisor.org\/?page_id=48"},"modified":"2025-08-06T11:09:37","modified_gmt":"2025-08-06T09:09:37","slug":"inicio","status":"publish","type":"page","link":"https:\/\/eunate.org\/eu\/","title":{"rendered":"Hasiera"},"content":{"rendered":"<div data-elementor-type=\"wp-page\" data-elementor-id=\"48\" class=\"elementor elementor-48\">\n\t\t\t\t\t\t<section class=\"elementor-section elementor-top-section elementor-element elementor-element-b35659b elementor-section-boxed elementor-section-height-default elementor-section-height-default\" data-id=\"b35659b\" data-element_type=\"section\" data-e-type=\"section\">\n\t\t\t\t\t\t<div class=\"elementor-container elementor-column-gap-default\">\n\t\t\t\t\t<div class=\"elementor-column elementor-col-100 elementor-top-column elementor-element elementor-element-1a31e80 elementor-invisible\" data-id=\"1a31e80\" data-element_type=\"column\" data-e-type=\"column\" data-settings=\"{&quot;animation&quot;:&quot;fadeInRight&quot;}\">\n\t\t\t<div class=\"elementor-widget-wrap elementor-element-populated\">\n\t\t\t\t\t\t<div class=\"elementor-element elementor-element-53218eb elementor-widget elementor-widget-html\" data-id=\"53218eb\" data-element_type=\"widget\" data-e-type=\"widget\" data-widget_type=\"html.default\">\n\t\t\t\t<div class=\"elementor-widget-container\">\n\t\t\t\t\t<!-- Google tag (gtag.js) -->\r\n<script async src=\"https:\/\/www.googletagmanager.com\/gtag\/js?id=G-MTG0F70JYB\"><\/script>\r\n<script>\r\n  window.dataLayer = window.dataLayer || [];\r\n  function gtag(){dataLayer.push(arguments);}\r\n  gtag('js', new Date());\r\n\r\n  gtag('config', 'G-MTG0F70JYB');\r\n<\/script>\t\t\t\t<\/div>\n\t\t\t\t<\/div>\n\t\t\t\t<div class=\"elementor-element elementor-element-c1671ce elementor-widget elementor-widget-text-editor\" data-id=\"c1671ce\" data-element_type=\"widget\" data-e-type=\"widget\" data-widget_type=\"text-editor.default\">\n\t\t\t\t<div class=\"elementor-widget-container\">\n\t\t\t\t\t\t\t\t\t<p>Si hace poco han diagnosticado sordera a alguien en vuestra familia es probable que se os acumulen los temores e incertidumbres respecto a la nueva situaci\u00f3n.<\/p>\n<p>Cuando quer\u00e1is, aqu\u00ed nos ten\u00e9is para escucharos y ayudaros en lo que podamos.<\/p>\n<p>Presencialmente, por tel\u00e9fono o por correo electr\u00f3nico.&nbsp;<\/p>\t\t\t\t\t\t\t\t<\/div>\n\t\t\t\t<\/div>\n\t\t\t\t\t<\/div>\n\t\t<\/div>\n\t\t\t\t\t<\/div>\n\t\t<\/section>\n\t\t\t\t<section class=\"elementor-section elementor-top-section elementor-element elementor-element-651a837 elementor-section-boxed elementor-section-height-default elementor-section-height-default\" data-id=\"651a837\" data-element_type=\"section\" data-e-type=\"section\">\n\t\t\t\t\t\t<div class=\"elementor-container elementor-column-gap-default\">\n\t\t\t\t\t<div class=\"elementor-column elementor-col-100 elementor-top-column elementor-element elementor-element-b388b6a\" data-id=\"b388b6a\" data-element_type=\"column\" data-e-type=\"column\">\n\t\t\t<div class=\"elementor-widget-wrap elementor-element-populated\">\n\t\t\t\t\t\t<div class=\"elementor-element elementor-element-7a9f8e3 elementor-widget elementor-widget-video\" data-id=\"7a9f8e3\" data-element_type=\"widget\" data-e-type=\"widget\" data-settings=\"{&quot;youtube_url&quot;:&quot;https:\\\/\\\/youtu.be\\\/lGpk8nBcEHo&quot;,&quot;video_type&quot;:&quot;youtube&quot;,&quot;controls&quot;:&quot;yes&quot;}\" data-widget_type=\"video.default\">\n\t\t\t\t<div class=\"elementor-widget-container\">\n\t\t\t\t\t\t\t<div class=\"elementor-wrapper elementor-open-inline\">\n\t\t\t<div class=\"elementor-video\"><\/div>\t\t<\/div>\n\t\t\t\t\t\t<\/div>\n\t\t\t\t<\/div>\n\t\t\t\t\t<\/div>\n\t\t<\/div>\n\t\t\t\t\t<\/div>\n\t\t<\/section>\n\t\t\t\t<section class=\"elementor-section elementor-top-section elementor-element elementor-element-37c5b75 elementor-section-boxed elementor-section-height-default elementor-section-height-default\" data-id=\"37c5b75\" data-element_type=\"section\" data-e-type=\"section\">\n\t\t\t\t\t\t<div class=\"elementor-container elementor-column-gap-default\">\n\t\t\t\t\t<div class=\"elementor-column elementor-col-100 elementor-top-column elementor-element elementor-element-a428f9b\" data-id=\"a428f9b\" data-element_type=\"column\" data-e-type=\"column\">\n\t\t\t<div class=\"elementor-widget-wrap elementor-element-populated\">\n\t\t\t\t\t\t<section class=\"elementor-section elementor-inner-section elementor-element elementor-element-7eae97c elementor-section-boxed elementor-section-height-default elementor-section-height-default\" data-id=\"7eae97c\" data-element_type=\"section\" data-e-type=\"section\">\n\t\t\t\t\t\t<div class=\"elementor-container elementor-column-gap-default\">\n\t\t\t\t\t<div class=\"elementor-column elementor-col-50 elementor-inner-column elementor-element elementor-element-5ab2fc3\" data-id=\"5ab2fc3\" data-element_type=\"column\" data-e-type=\"column\">\n\t\t\t<div class=\"elementor-widget-wrap elementor-element-populated\">\n\t\t\t\t\t\t<div class=\"elementor-element elementor-element-3cf97ca elementor-widget elementor-widget-image\" data-id=\"3cf97ca\" data-element_type=\"widget\" data-e-type=\"widget\" data-widget_type=\"image.default\">\n\t\t\t\t<div class=\"elementor-widget-container\">\n\t\t\t\t\t\t\t\t\t\t\t\t\t\t\t<img fetchpriority=\"high\" decoding=\"async\" width=\"800\" height=\"450\" src=\"http:\/\/eunate.org\/wp-content\/uploads\/2023\/10\/DJI_0159-1024x576.jpg\" class=\"attachment-large size-large wp-image-1526\" alt=\"Foto a\u00e9rea de las letras de Eunate formadas con las familias de Eunate\" srcset=\"http:\/\/eunate.org\/wp-content\/uploads\/2023\/10\/DJI_0159-1024x576.jpg 1024w, http:\/\/eunate.org\/wp-content\/uploads\/2023\/10\/DJI_0159-300x169.jpg 300w, http:\/\/eunate.org\/wp-content\/uploads\/2023\/10\/DJI_0159-768x432.jpg 768w, http:\/\/eunate.org\/wp-content\/uploads\/2023\/10\/DJI_0159-1536x864.jpg 1536w, http:\/\/eunate.org\/wp-content\/uploads\/2023\/10\/DJI_0159-2048x1152.jpg 2048w, http:\/\/eunate.org\/wp-content\/uploads\/2023\/10\/DJI_0159-18x10.jpg 18w\" sizes=\"(max-width: 800px) 100vw, 800px\" \/>\t\t\t\t\t\t\t\t\t\t\t\t\t\t\t<\/div>\n\t\t\t\t<\/div>\n\t\t\t\t\t<\/div>\n\t\t<\/div>\n\t\t\t\t<div class=\"elementor-column elementor-col-50 elementor-inner-column elementor-element elementor-element-9972b21\" data-id=\"9972b21\" data-element_type=\"column\" data-e-type=\"column\">\n\t\t\t<div class=\"elementor-widget-wrap elementor-element-populated\">\n\t\t\t\t\t\t<div class=\"elementor-element elementor-element-98ee266 elementor-widget elementor-widget-image\" data-id=\"98ee266\" data-element_type=\"widget\" data-e-type=\"widget\" data-widget_type=\"image.default\">\n\t\t\t\t<div class=\"elementor-widget-container\">\n\t\t\t\t\t\t\t\t\t\t\t\t\t\t\t<img decoding=\"async\" width=\"800\" height=\"431\" src=\"http:\/\/eunate.org\/wp-content\/uploads\/2021\/09\/Logo-Eunate-3000x1617-eu-1024x552.jpg\" class=\"attachment-large size-large wp-image-985\" alt=\"Eunate elkartearen logotipoa, hiru uhin laranjak dituena eta testu hau: Nafarroako Pertsona Gorren Familiak. Azpian ere badu Fiapas, Familias de Personas Sordas logoa.\" srcset=\"http:\/\/eunate.org\/wp-content\/uploads\/2021\/09\/Logo-Eunate-3000x1617-eu-1024x552.jpg 1024w, http:\/\/eunate.org\/wp-content\/uploads\/2021\/09\/Logo-Eunate-3000x1617-eu-300x162.jpg 300w, http:\/\/eunate.org\/wp-content\/uploads\/2021\/09\/Logo-Eunate-3000x1617-eu-768x414.jpg 768w, http:\/\/eunate.org\/wp-content\/uploads\/2021\/09\/Logo-Eunate-3000x1617-eu-1536x828.jpg 1536w, http:\/\/eunate.org\/wp-content\/uploads\/2021\/09\/Logo-Eunate-3000x1617-eu-2048x1104.jpg 2048w, http:\/\/eunate.org\/wp-content\/uploads\/2021\/09\/Logo-Eunate-3000x1617-eu-18x10.jpg 18w\" sizes=\"(max-width: 800px) 100vw, 800px\" \/>\t\t\t\t\t\t\t\t\t\t\t\t\t\t\t<\/div>\n\t\t\t\t<\/div>\n\t\t\t\t\t<\/div>\n\t\t<\/div>\n\t\t\t\t\t<\/div>\n\t\t<\/section>\n\t\t\t\t\t<\/div>\n\t\t<\/div>\n\t\t\t\t\t<\/div>\n\t\t<\/section>\n\t\t\t\t<section class=\"elementor-section elementor-top-section elementor-element elementor-element-a549682 elementor-section-boxed elementor-section-height-default elementor-section-height-default\" data-id=\"a549682\" data-element_type=\"section\" data-e-type=\"section\">\n\t\t\t\t\t\t<div class=\"elementor-container elementor-column-gap-default\">\n\t\t\t\t\t<div class=\"elementor-column elementor-col-50 elementor-top-column elementor-element elementor-element-17f7b19\" data-id=\"17f7b19\" data-element_type=\"column\" data-e-type=\"column\">\n\t\t\t<div class=\"elementor-widget-wrap elementor-element-populated\">\n\t\t\t\t\t\t<div class=\"elementor-element elementor-element-cba8f51 elementor-widget elementor-widget-heading\" data-id=\"cba8f51\" data-element_type=\"widget\" data-e-type=\"widget\" data-widget_type=\"heading.default\">\n\t\t\t\t<div class=\"elementor-widget-container\">\n\t\t\t\t\t<h3 class=\"elementor-heading-title elementor-size-default\">Facebook<\/h3>\t\t\t\t<\/div>\n\t\t\t\t<\/div>\n\t\t\t\t<div class=\"elementor-element elementor-element-b64e475 elementor-widget-divider--view-line elementor-widget elementor-widget-divider\" data-id=\"b64e475\" data-element_type=\"widget\" data-e-type=\"widget\" data-widget_type=\"divider.default\">\n\t\t\t\t<div class=\"elementor-widget-container\">\n\t\t\t\t\t\t\t<div class=\"elementor-divider\">\n\t\t\t<span class=\"elementor-divider-separator\">\n\t\t\t\t\t\t<\/span>\n\t\t<\/div>\n\t\t\t\t\t\t<\/div>\n\t\t\t\t<\/div>\n\t\t\t\t<div class=\"elementor-element elementor-element-f7be035 elementor-widget elementor-widget-facebook-page\" data-id=\"f7be035\" data-element_type=\"widget\" data-e-type=\"widget\" data-widget_type=\"facebook-page.default\">\n\t\t\t\t<div class=\"elementor-widget-container\">\n\t\t\t\t\t \t\t\t\t<\/div>\n\t\t\t\t<\/div>\n\t\t\t\t\t<\/div>\n\t\t<\/div>\n\t\t\t\t<div class=\"elementor-column elementor-col-50 elementor-top-column elementor-element elementor-element-dddec72\" data-id=\"dddec72\" data-element_type=\"column\" data-e-type=\"column\">\n\t\t\t<div class=\"elementor-widget-wrap elementor-element-populated\">\n\t\t\t\t\t\t<div class=\"elementor-element elementor-element-3530f67 elementor-widget elementor-widget-heading\" data-id=\"3530f67\" data-element_type=\"widget\" data-e-type=\"widget\" data-widget_type=\"heading.default\">\n\t\t\t\t<div class=\"elementor-widget-container\">\n\t\t\t\t\t<h3 class=\"elementor-heading-title elementor-size-default\">Twitter<\/h3>\t\t\t\t<\/div>\n\t\t\t\t<\/div>\n\t\t\t\t<div class=\"elementor-element elementor-element-637e8df elementor-widget-divider--view-line elementor-widget elementor-widget-divider\" data-id=\"637e8df\" data-element_type=\"widget\" data-e-type=\"widget\" data-widget_type=\"divider.default\">\n\t\t\t\t<div class=\"elementor-widget-container\">\n\t\t\t\t\t\t\t<div class=\"elementor-divider\">\n\t\t\t<span class=\"elementor-divider-separator\">\n\t\t\t\t\t\t<\/span>\n\t\t<\/div>\n\t\t\t\t\t\t<\/div>\n\t\t\t\t<\/div>\n\t\t\t\t\t<\/div>\n\t\t<\/div>\n\t\t\t\t\t<\/div>\n\t\t<\/section>\n\t\t\t\t<section class=\"elementor-section elementor-top-section elementor-element elementor-element-2510af6 elementor-section-boxed elementor-section-height-default elementor-section-height-default\" data-id=\"2510af6\" data-element_type=\"section\" data-e-type=\"section\">\n\t\t\t\t\t\t<div class=\"elementor-container elementor-column-gap-default\">\n\t\t\t\t\t<div class=\"elementor-column elementor-col-100 elementor-top-column elementor-element elementor-element-c6737fc\" data-id=\"c6737fc\" data-element_type=\"column\" data-e-type=\"column\">\n\t\t\t<div class=\"elementor-widget-wrap\">\n\t\t\t\t\t\t\t<\/div>\n\t\t<\/div>\n\t\t\t\t\t<\/div>\n\t\t<\/section>\n\t\t\t\t<section class=\"elementor-section elementor-top-section elementor-element elementor-element-e020052 elementor-section-boxed elementor-section-height-default elementor-section-height-default\" data-id=\"e020052\" data-element_type=\"section\" data-e-type=\"section\">\n\t\t\t\t\t\t<div class=\"elementor-container elementor-column-gap-default\">\n\t\t\t\t\t<div class=\"elementor-column elementor-col-100 elementor-top-column elementor-element elementor-element-022dc23\" data-id=\"022dc23\" data-element_type=\"column\" data-e-type=\"column\">\n\t\t\t<div class=\"elementor-widget-wrap elementor-element-populated\">\n\t\t\t\t\t\t<div class=\"elementor-element elementor-element-97b98a8 elementor-widget elementor-widget-heading\" data-id=\"97b98a8\" data-element_type=\"widget\" data-e-type=\"widget\" data-widget_type=\"heading.default\">\n\t\t\t\t<div class=\"elementor-widget-container\">\n\t\t\t\t\t<h4 class=\"elementor-heading-title elementor-size-default\"><a href=\"https:\/\/asociacioneunate.blogspot.com\/\" target=\"_blank\"><img loading=\"lazy\" decoding=\"async\" class=\"rss-widget-icon\" style=\"border:0\" src=\"https:\/\/accisor.org\/wp-includes\/images\/rss.png\" alt=\"\" width=\"14\" height=\"14\"> Eunate Elkartearen bloga<\/a><\/h4>\t\t\t\t<\/div>\n\t\t\t\t<\/div>\n\t\t\t\t<div class=\"elementor-element elementor-element-7a7381f blog-rss elementor-widget elementor-widget-wp-widget-rss\" data-id=\"7a7381f\" data-element_type=\"widget\" data-e-type=\"widget\" data-widget_type=\"wp-widget-rss.default\">\n\t\t\t\t<div class=\"elementor-widget-container\">\n\t\t\t\t\t<h5><a class=\"rsswidget rss-widget-feed\" href=\"https:\/\/asociacioneunate.blogspot.com\/\"><img decoding=\"async\" class=\"rss-widget-icon\" style=\"border:0\" width=\"14\" height=\"14\" src=\"https:\/\/eunate.org\/wp-includes\/images\/rss.png\" alt=\"RSS\" \/><\/a> <a class=\"rsswidget rss-widget-title\" href=\"https:\/\/asociacioneunate.blogspot.com\/\">Eunate Elkartearen bloga<\/a><\/h5><ul><li><a class='rsswidget' href='https:\/\/asociacioneunate.blogspot.com\/2026\/03\/participacion-en-la-concentracion.html'>PARTICIPACI\u00d3N EN LA CONCENTRACI\u00d3N ORGANIZADA POR CERMIN CON MOTIVO DEL D\u00cdA INTERNACIONAL DE LA MUJER<\/a> <span class=\"rss-date\">6 de martxoa de 2026<\/span><div class=\"rssSummary\">\u00a0Participamos en la concentraci\u00f3n organizada por el movimiento asociativo CERMIN con motivo del D\u00eda Internacional de la Mujer, celebrada el 6 de marzo. Este acto fue un espacio de reivindicaci\u00f3n y sensibilizaci\u00f3n centrado en visibilizar los derechos de las mujeres y ni\u00f1as con discapacidad, as\u00ed como en denunciar la discriminaci\u00f3n m\u00faltiple que contin\u00faan enfrentando, especialmente [&hellip;]<\/div><\/li><li><a class='rsswidget' href='https:\/\/asociacioneunate.blogspot.com\/2026\/01\/jornada-empleo-publico-y-discapacidad.html'>JORNADA EMPLEO P\u00daBLICO Y DISCAPACIDAD, ORGANIZADA POR CERMIN<\/a> <span class=\"rss-date\">28 de urtarrila de 2026<\/span><div class=\"rssSummary\">\u00a0Estuvimos presentes en la jornada organizada por CERMIN sobre \u201cEmpleo p\u00fablico y discapacidad\u201d, celebrada el 28 de enero en Civican.Este encuentro fue un espacio de reflexi\u00f3n y di\u00e1logo centrado en analizar la situaci\u00f3n actual y los retos pendientes en el acceso y la inclusi\u00f3n de las personas con discapacidad en el empleo p\u00fablico, poniendo el [&hellip;]<\/div><\/li><li><a class='rsswidget' href='https:\/\/asociacioneunate.blogspot.com\/2026\/01\/presentacion-del-estudio-informar-para.html'>PRESENTACI\u00d3N DEL ESTUDIO &quot;INFORMAR PARA INCLUIR: LOS DERECHOS DEL ALUMNADO CON DISCAPACIDAD Y SUS FAMILIAS&quot; ORGANIZADO POR CERMIN<\/a> <span class=\"rss-date\">26 de urtarrila de 2026<\/span><div class=\"rssSummary\">\u00a0Acudimos a la presentaci\u00f3n del estudio realizado por CERMIN, bajo el t\u00edtulo \u201cInformar para incluir: los derechos del alumnado con discapacidad y sus familias\u201d, celebrada el 26 de enero.Esta jornada permiti\u00f3 dar a conocer los principales resultados de una investigaci\u00f3n que pone de manifiesto el desconocimiento de los derechos educativos por parte del alumnado con [&hellip;]<\/div><\/li><\/ul>\t\t\t\t<\/div>\n\t\t\t\t<\/div>\n\t\t\t\t\t<\/div>\n\t\t<\/div>\n\t\t\t\t\t<\/div>\n\t\t<\/section>\n\t\t\t\t<\/div>","protected":false},"excerpt":{"rendered":"<p>Si hace poco han diagnosticado sordera a alguien en vuestra familia es probable que se os acumulen los temores e incertidumbres respecto a la nueva situaci\u00f3n. Cuando quer\u00e1is, aqu\u00ed nos ten\u00e9is para escucharos y ayudaros en lo que podamos. Presencialmente, por tel\u00e9fono o por correo electr\u00f3nico.&nbsp; https:\/\/youtu.be\/lGpk8nBcEHo Facebook Twitter Blog Asociaci\u00f3n Eunate<\/p>","protected":false},"author":1,"featured_media":641,"parent":0,"menu_order":0,"comment_status":"closed","ping_status":"closed","template":"","meta":{"footnotes":""},"class_list":["post-48","page","type-page","status-publish","has-post-thumbnail","hentry"],"yoast_head":"<!-- This site is optimized with the Yoast SEO plugin v27.4 - https:\/\/yoast.com\/product\/yoast-seo-wordpress\/ -->\n<title>Asociaci\u00f3n Eunate Elkartea - Asociaci\u00f3n de Familias de personas sordas de Navarra<\/title>\n<meta name=\"description\" content=\"\ud83d\udcbb Servicio de accesibilidad a la comunicaci\u00f3n y la informaci\u00f3n para personas sordas en Navarra. \ud83d\udc49 Asociaci\u00f3n Eunate\" \/>\n<meta name=\"robots\" content=\"index, follow, max-snippet:-1, max-image-preview:large, max-video-preview:-1\" \/>\n<link rel=\"canonical\" href=\"https:\/\/eunate.org\/eu\/\" \/>\n<meta property=\"og:locale\" content=\"en_US\" \/>\n<meta property=\"og:type\" content=\"article\" \/>\n<meta property=\"og:title\" content=\"Asociaci\u00f3n Eunate Elkartea - Asociaci\u00f3n de Familias de personas sordas de Navarra\" \/>\n<meta property=\"og:description\" content=\"\ud83d\udcbb Servicio de accesibilidad a la comunicaci\u00f3n y la informaci\u00f3n para personas sordas en Navarra. \ud83d\udc49 Asociaci\u00f3n Eunate\" \/>\n<meta property=\"og:url\" content=\"https:\/\/eunate.org\/eu\/\" \/>\n<meta property=\"og:site_name\" content=\"Asociaci\u00f3n Eunate Elkartea\" \/>\n<meta property=\"article:modified_time\" content=\"2025-08-06T09:09:37+00:00\" \/>\n<meta property=\"og:image\" content=\"https:\/\/eunate.org\/wp-content\/uploads\/2021\/06\/favicon-accisor.png\" \/>\n\t<meta property=\"og:image:width\" content=\"500\" \/>\n\t<meta property=\"og:image:height\" content=\"500\" \/>\n\t<meta property=\"og:image:type\" content=\"image\/png\" \/>\n<meta name=\"twitter:card\" content=\"summary_large_image\" \/>\n<meta name=\"twitter:label1\" content=\"Est. reading time\" \/>\n\t<meta name=\"twitter:data1\" content=\"5 minutua\" \/>\n<script type=\"application\/ld+json\" class=\"yoast-schema-graph\">{\"@context\":\"https:\\\/\\\/schema.org\",\"@graph\":[{\"@type\":\"WebPage\",\"@id\":\"https:\\\/\\\/eunate.org\\\/\",\"url\":\"https:\\\/\\\/eunate.org\\\/\",\"name\":\"Asociaci\u00f3n Eunate Elkartea - Asociaci\u00f3n de Familias de personas sordas de Navarra\",\"isPartOf\":{\"@id\":\"https:\\\/\\\/eunate.org\\\/#website\"},\"primaryImageOfPage\":{\"@id\":\"https:\\\/\\\/eunate.org\\\/#primaryimage\"},\"image\":{\"@id\":\"https:\\\/\\\/eunate.org\\\/#primaryimage\"},\"thumbnailUrl\":\"https:\\\/\\\/eunate.org\\\/wp-content\\\/uploads\\\/2021\\\/06\\\/favicon-accisor.png\",\"datePublished\":\"2021-04-23T11:23:49+00:00\",\"dateModified\":\"2025-08-06T09:09:37+00:00\",\"description\":\"\ud83d\udcbb Servicio de accesibilidad a la comunicaci\u00f3n y la informaci\u00f3n para personas sordas en Navarra. \ud83d\udc49 Asociaci\u00f3n Eunate\",\"breadcrumb\":{\"@id\":\"https:\\\/\\\/eunate.org\\\/#breadcrumb\"},\"inLanguage\":\"eu\",\"potentialAction\":[{\"@type\":\"ReadAction\",\"target\":[\"https:\\\/\\\/eunate.org\\\/\"]}]},{\"@type\":\"ImageObject\",\"inLanguage\":\"eu\",\"@id\":\"https:\\\/\\\/eunate.org\\\/#primaryimage\",\"url\":\"https:\\\/\\\/eunate.org\\\/wp-content\\\/uploads\\\/2021\\\/06\\\/favicon-accisor.png\",\"contentUrl\":\"https:\\\/\\\/eunate.org\\\/wp-content\\\/uploads\\\/2021\\\/06\\\/favicon-accisor.png\",\"width\":500,\"height\":500,\"caption\":\"Accesibilidad a la comunicaci\u00f3n y la informaci\u00f3n para personas sordas\"},{\"@type\":\"BreadcrumbList\",\"@id\":\"https:\\\/\\\/eunate.org\\\/#breadcrumb\",\"itemListElement\":[{\"@type\":\"ListItem\",\"position\":1,\"name\":\"Inicio\",\"item\":\"https:\\\/\\\/eunate.org\\\/\"},{\"@type\":\"ListItem\",\"position\":2,\"name\":\"Inicio\"}]},{\"@type\":\"WebSite\",\"@id\":\"https:\\\/\\\/eunate.org\\\/#website\",\"url\":\"https:\\\/\\\/eunate.org\\\/\",\"name\":\"Asociaci\u00f3n Eunate Elkartea\",\"description\":\"Asociaci\u00f3n de Familias de personas sordas de Navarra\",\"publisher\":{\"@id\":\"https:\\\/\\\/eunate.org\\\/#organization\"},\"potentialAction\":[{\"@type\":\"SearchAction\",\"target\":{\"@type\":\"EntryPoint\",\"urlTemplate\":\"https:\\\/\\\/eunate.org\\\/?s={search_term_string}\"},\"query-input\":{\"@type\":\"PropertyValueSpecification\",\"valueRequired\":true,\"valueName\":\"search_term_string\"}}],\"inLanguage\":\"eu\"},{\"@type\":\"Organization\",\"@id\":\"https:\\\/\\\/eunate.org\\\/#organization\",\"name\":\"Accisor\",\"url\":\"https:\\\/\\\/eunate.org\\\/\",\"logo\":{\"@type\":\"ImageObject\",\"inLanguage\":\"eu\",\"@id\":\"https:\\\/\\\/eunate.org\\\/#\\\/schema\\\/logo\\\/image\\\/\",\"url\":\"https:\\\/\\\/accisor.org\\\/wp-content\\\/uploads\\\/2021\\\/06\\\/favicon-accisor.png\",\"contentUrl\":\"https:\\\/\\\/accisor.org\\\/wp-content\\\/uploads\\\/2021\\\/06\\\/favicon-accisor.png\",\"width\":500,\"height\":500,\"caption\":\"Accisor\"},\"image\":{\"@id\":\"https:\\\/\\\/eunate.org\\\/#\\\/schema\\\/logo\\\/image\\\/\"}}]}<\/script>\n<!-- \/ Yoast SEO plugin. -->","yoast_head_json":{"title":"Asociaci\u00f3n Eunate Elkartea - Asociaci\u00f3n de Familias de personas sordas de Navarra","description":"\ud83d\udcbb Servicio de accesibilidad a la comunicaci\u00f3n y la informaci\u00f3n para personas sordas en Navarra. \ud83d\udc49 Asociaci\u00f3n Eunate","robots":{"index":"index","follow":"follow","max-snippet":"max-snippet:-1","max-image-preview":"max-image-preview:large","max-video-preview":"max-video-preview:-1"},"canonical":"https:\/\/eunate.org\/eu\/","og_locale":"en_US","og_type":"article","og_title":"Asociaci\u00f3n Eunate Elkartea - Asociaci\u00f3n de Familias de personas sordas de Navarra","og_description":"\ud83d\udcbb Servicio de accesibilidad a la comunicaci\u00f3n y la informaci\u00f3n para personas sordas en Navarra. \ud83d\udc49 Asociaci\u00f3n Eunate","og_url":"https:\/\/eunate.org\/eu\/","og_site_name":"Asociaci\u00f3n Eunate Elkartea","article_modified_time":"2025-08-06T09:09:37+00:00","og_image":[{"width":500,"height":500,"url":"https:\/\/eunate.org\/wp-content\/uploads\/2021\/06\/favicon-accisor.png","type":"image\/png"}],"twitter_card":"summary_large_image","twitter_misc":{"Est. reading time":"5 minutua"},"schema":{"@context":"https:\/\/schema.org","@graph":[{"@type":"WebPage","@id":"https:\/\/eunate.org\/","url":"https:\/\/eunate.org\/","name":"Asociaci\u00f3n Eunate Elkartea - Asociaci\u00f3n de Familias de personas sordas de Navarra","isPartOf":{"@id":"https:\/\/eunate.org\/#website"},"primaryImageOfPage":{"@id":"https:\/\/eunate.org\/#primaryimage"},"image":{"@id":"https:\/\/eunate.org\/#primaryimage"},"thumbnailUrl":"https:\/\/eunate.org\/wp-content\/uploads\/2021\/06\/favicon-accisor.png","datePublished":"2021-04-23T11:23:49+00:00","dateModified":"2025-08-06T09:09:37+00:00","description":"\ud83d\udcbb Servicio de accesibilidad a la comunicaci\u00f3n y la informaci\u00f3n para personas sordas en Navarra. \ud83d\udc49 Asociaci\u00f3n Eunate","breadcrumb":{"@id":"https:\/\/eunate.org\/#breadcrumb"},"inLanguage":"eu","potentialAction":[{"@type":"ReadAction","target":["https:\/\/eunate.org\/"]}]},{"@type":"ImageObject","inLanguage":"eu","@id":"https:\/\/eunate.org\/#primaryimage","url":"https:\/\/eunate.org\/wp-content\/uploads\/2021\/06\/favicon-accisor.png","contentUrl":"https:\/\/eunate.org\/wp-content\/uploads\/2021\/06\/favicon-accisor.png","width":500,"height":500,"caption":"Accesibilidad a la comunicaci\u00f3n y la informaci\u00f3n para personas sordas"},{"@type":"BreadcrumbList","@id":"https:\/\/eunate.org\/#breadcrumb","itemListElement":[{"@type":"ListItem","position":1,"name":"Inicio","item":"https:\/\/eunate.org\/"},{"@type":"ListItem","position":2,"name":"Inicio"}]},{"@type":"WebSite","@id":"https:\/\/eunate.org\/#website","url":"https:\/\/eunate.org\/","name":"Asociaci\u00f3n Eunate Elkartea","description":"Asociaci\u00f3n de Familias de personas sordas de Navarra","publisher":{"@id":"https:\/\/eunate.org\/#organization"},"potentialAction":[{"@type":"SearchAction","target":{"@type":"EntryPoint","urlTemplate":"https:\/\/eunate.org\/?s={search_term_string}"},"query-input":{"@type":"PropertyValueSpecification","valueRequired":true,"valueName":"search_term_string"}}],"inLanguage":"eu"},{"@type":"Organization","@id":"https:\/\/eunate.org\/#organization","name":"Accisor","url":"https:\/\/eunate.org\/","logo":{"@type":"ImageObject","inLanguage":"eu","@id":"https:\/\/eunate.org\/#\/schema\/logo\/image\/","url":"https:\/\/accisor.org\/wp-content\/uploads\/2021\/06\/favicon-accisor.png","contentUrl":"https:\/\/accisor.org\/wp-content\/uploads\/2021\/06\/favicon-accisor.png","width":500,"height":500,"caption":"Accisor"},"image":{"@id":"https:\/\/eunate.org\/#\/schema\/logo\/image\/"}}]}},"_links":{"self":[{"href":"https:\/\/eunate.org\/eu\/wp-json\/wp\/v2\/pages\/48","targetHints":{"allow":["GET"]}}],"collection":[{"href":"https:\/\/eunate.org\/eu\/wp-json\/wp\/v2\/pages"}],"about":[{"href":"https:\/\/eunate.org\/eu\/wp-json\/wp\/v2\/types\/page"}],"author":[{"embeddable":true,"href":"https:\/\/eunate.org\/eu\/wp-json\/wp\/v2\/users\/1"}],"replies":[{"embeddable":true,"href":"https:\/\/eunate.org\/eu\/wp-json\/wp\/v2\/comments?post=48"}],"version-history":[{"count":0,"href":"https:\/\/eunate.org\/eu\/wp-json\/wp\/v2\/pages\/48\/revisions"}],"wp:featuredmedia":[{"embeddable":true,"href":"https:\/\/eunate.org\/eu\/wp-json\/wp\/v2\/media\/641"}],"wp:attachment":[{"href":"https:\/\/eunate.org\/eu\/wp-json\/wp\/v2\/media?parent=48"}],"curies":[{"name":"wp","href":"https:\/\/api.w.org\/{rel}","templated":true}]}}