{"id":91,"date":"2021-04-26T17:40:32","date_gmt":"2021-04-26T15:40:32","guid":{"rendered":"http:\/\/accisor.org\/?page_id=91"},"modified":"2025-01-13T11:37:01","modified_gmt":"2025-01-13T10:37:01","slug":"quienes-somos","status":"publish","type":"page","link":"https:\/\/eunate.org\/eu\/inicio\/quienes-somos\/","title":{"rendered":"Nor gara"},"content":{"rendered":"<div data-elementor-type=\"wp-page\" data-elementor-id=\"91\" class=\"elementor elementor-91\">\n\t\t\t\t\t\t<section class=\"elementor-section elementor-top-section elementor-element elementor-element-832cf76 elementor-section-boxed elementor-section-height-default elementor-section-height-default\" data-id=\"832cf76\" data-element_type=\"section\" data-e-type=\"section\">\n\t\t\t\t\t\t<div class=\"elementor-container elementor-column-gap-default\">\n\t\t\t\t\t<div class=\"elementor-column elementor-col-100 elementor-top-column elementor-element elementor-element-324a5f3\" data-id=\"324a5f3\" data-element_type=\"column\" data-e-type=\"column\">\n\t\t\t<div class=\"elementor-widget-wrap elementor-element-populated\">\n\t\t\t\t\t\t<div class=\"elementor-element elementor-element-d15f22c elementor-widget elementor-widget-html\" data-id=\"d15f22c\" data-element_type=\"widget\" data-e-type=\"widget\" data-widget_type=\"html.default\">\n\t\t\t\t<div class=\"elementor-widget-container\">\n\t\t\t\t\t<!-- Google tag (gtag.js) -->\r\n<script async src=\"https:\/\/www.googletagmanager.com\/gtag\/js?id=G-MTG0F70JYB\"><\/script>\r\n<script>\r\n  window.dataLayer = window.dataLayer || [];\r\n  function gtag(){dataLayer.push(arguments);}\r\n  gtag('js', new Date());\r\n\r\n  gtag('config', 'G-MTG0F70JYB');\r\n<\/script>\t\t\t\t<\/div>\n\t\t\t\t<\/div>\n\t\t\t\t<div class=\"elementor-element elementor-element-4c86e48 elementor-widget elementor-widget-text-editor\" data-id=\"4c86e48\" data-element_type=\"widget\" data-e-type=\"widget\" data-widget_type=\"text-editor.default\">\n\t\t\t\t<div class=\"elementor-widget-container\">\n\t\t\t\t\t\t\t\t\t<div style=\"border: 0px solid #333333; -webkit-font-smoothing: antialiased; -webkit-tap-highlight-color: transparent; color: #000000; font-family: Helvetica; font-size: 16px;\">En primer lugar queremos agradecerte que hayas accedido a nuestra p\u00e1gina, invit\u00e1ndote a navegar por ella y conocer mejor la funci\u00f3n que desempe\u00f1a nuestra Asociaci\u00f3n:<\/div><div style=\"border: 0px solid #333333; -webkit-font-smoothing: antialiased; -webkit-tap-highlight-color: transparent; color: #000000; font-family: Helvetica; font-size: 16px;\">Eunate es la asociaci\u00f3n de familias de personas sordas de Navarra, una entidad sin \u00e1nimo de lucro promovida por un grupo de padres y madres de ni\u00f1as y ni\u00f1os con discapacidad auditiva y por personas sordas post-locutivas.<br \/>Desde enero de 1999 trabajamos en favor del colectivo luchando por sus derechos y apoy\u00e1ndoles para poder asegurarles un futuro en igualdad.\u00a0<\/div>\t\t\t\t\t\t\t\t<\/div>\n\t\t\t\t<\/div>\n\t\t\t\t\t<\/div>\n\t\t<\/div>\n\t\t\t\t\t<\/div>\n\t\t<\/section>\n\t\t\t\t<section class=\"elementor-section elementor-top-section elementor-element elementor-element-1c46333 elementor-section-boxed elementor-section-height-default elementor-section-height-default\" data-id=\"1c46333\" data-element_type=\"section\" data-e-type=\"section\">\n\t\t\t\t\t\t<div class=\"elementor-container elementor-column-gap-default\">\n\t\t\t\t\t<div class=\"elementor-column elementor-col-50 elementor-top-column elementor-element elementor-element-a8c6b09\" data-id=\"a8c6b09\" data-element_type=\"column\" data-e-type=\"column\">\n\t\t\t<div class=\"elementor-widget-wrap elementor-element-populated\">\n\t\t\t\t\t\t<div class=\"elementor-element elementor-element-1ffe8c3 elementor-widget elementor-widget-text-editor\" data-id=\"1ffe8c3\" data-element_type=\"widget\" data-e-type=\"widget\" data-widget_type=\"text-editor.default\">\n\t\t\t\t<div class=\"elementor-widget-container\">\n\t\t\t\t\t\t\t\t\t<p><b>MISI\u00d3N\u00a0<\/b><\/p><p><span style=\"font-weight: 400;\">La misi\u00f3n de la Asociaci\u00f3n Eunate es representar y\u00a0 defender los derechos e intereses globales de las\u00a0 personas con discapacidad auditiva y sus familias en\u00a0 el \u00e1mbito auton\u00f3mico ante la Sociedad,\u00a0<\/span><\/p><p><span style=\"font-weight: 400;\">Administraci\u00f3n y dem\u00e1s Instituciones para una mayor\u00a0 participaci\u00f3n social e inclusi\u00f3n.\u00a0\u00a0<\/span><\/p><p><b>VISI\u00d3N\u00a0<\/b><\/p><p><span style=\"font-weight: 400;\">Entidad de referencia en la atenci\u00f3n e interlocuci\u00f3n\u00a0 pol\u00edtica de las personas sordas y sus familias en la\u00a0 lucha por sus derechos.\u00a0\u00a0<\/span><\/p><p><b>PROP\u00d3SITO\u00a0<\/b><\/p><p><span style=\"font-weight: 400;\">Conseguir una plena inclusi\u00f3n de las personas sordas\u00a0 en todos los \u00e1mbitos de la vida: educaci\u00f3n, sanidad,\u00a0 empleo y participaci\u00f3n social. As\u00ed como apoyar a las familias en todo el proceso para que sean el soporte\u00a0 de su familiar sordo consiguiendo el bienestar y su\u00a0 integraci\u00f3n plena, su autonom\u00eda y desarrollo\u00a0 personal.<\/span><\/p>\t\t\t\t\t\t\t\t<\/div>\n\t\t\t\t<\/div>\n\t\t\t\t\t<\/div>\n\t\t<\/div>\n\t\t\t\t<div class=\"elementor-column elementor-col-50 elementor-top-column elementor-element elementor-element-2f4cbbc\" data-id=\"2f4cbbc\" data-element_type=\"column\" data-e-type=\"column\">\n\t\t\t<div class=\"elementor-widget-wrap elementor-element-populated\">\n\t\t\t\t\t\t<div class=\"elementor-element elementor-element-7c9842f elementor-widget elementor-widget-image\" data-id=\"7c9842f\" data-element_type=\"widget\" data-e-type=\"widget\" data-no-translation=\"\" data-widget_type=\"image.default\">\n\t\t\t\t<div class=\"elementor-widget-container\">\n\t\t\t\t\t<style>.elementor-element-7c9842f{display:none !important}<\/style>\t\t\t\t<\/div>\n\t\t\t\t<\/div>\n\t\t\t\t<div class=\"elementor-element elementor-element-072e3a5 elementor-widget elementor-widget-image\" data-id=\"072e3a5\" data-element_type=\"widget\" data-e-type=\"widget\" data-no-translation=\"\" data-widget_type=\"image.default\">\n\t\t\t\t<div class=\"elementor-widget-container\">\n\t\t\t\t\t\t\t\t\t\t\t\t\t\t\t<img fetchpriority=\"high\" decoding=\"async\" width=\"2560\" height=\"1380\" src=\"https:\/\/eunate.org\/wp-content\/uploads\/2021\/09\/Logo-Eunate-3000x1617-eu.jpg\" class=\"attachment-full size-full wp-image-985\" alt=\"Eunate elkartearen logotipoa, hiru uhin laranjak dituena eta testu hau: Nafarroako Pertsona Gorren Familiak. Azpian ere badu Fiapas, Familias de Personas Sordas logoa.\" srcset=\"https:\/\/eunate.org\/wp-content\/uploads\/2021\/09\/Logo-Eunate-3000x1617-eu.jpg 2560w, https:\/\/eunate.org\/wp-content\/uploads\/2021\/09\/Logo-Eunate-3000x1617-eu-300x162.jpg 300w, https:\/\/eunate.org\/wp-content\/uploads\/2021\/09\/Logo-Eunate-3000x1617-eu-1024x552.jpg 1024w, https:\/\/eunate.org\/wp-content\/uploads\/2021\/09\/Logo-Eunate-3000x1617-eu-768x414.jpg 768w, https:\/\/eunate.org\/wp-content\/uploads\/2021\/09\/Logo-Eunate-3000x1617-eu-1536x828.jpg 1536w, https:\/\/eunate.org\/wp-content\/uploads\/2021\/09\/Logo-Eunate-3000x1617-eu-2048x1104.jpg 2048w, https:\/\/eunate.org\/wp-content\/uploads\/2021\/09\/Logo-Eunate-3000x1617-eu-18x10.jpg 18w\" sizes=\"(max-width: 2560px) 100vw, 2560px\" \/>\t\t\t\t\t\t\t\t\t\t\t\t\t\t\t<\/div>\n\t\t\t\t<\/div>\n\t\t\t\t\t<\/div>\n\t\t<\/div>\n\t\t\t\t\t<\/div>\n\t\t<\/section>\n\t\t\t\t<section class=\"elementor-section elementor-top-section elementor-element elementor-element-772cbe6 elementor-section-boxed elementor-section-height-default elementor-section-height-default\" data-id=\"772cbe6\" data-element_type=\"section\" data-e-type=\"section\">\n\t\t\t\t\t\t<div class=\"elementor-container elementor-column-gap-default\">\n\t\t\t\t\t<div class=\"elementor-column elementor-col-100 elementor-top-column elementor-element elementor-element-f3a0f06\" data-id=\"f3a0f06\" data-element_type=\"column\" data-e-type=\"column\">\n\t\t\t<div class=\"elementor-widget-wrap elementor-element-populated\">\n\t\t\t\t\t\t<div class=\"elementor-element elementor-element-2bb6718 elementor-widget elementor-widget-image\" data-id=\"2bb6718\" data-element_type=\"widget\" data-e-type=\"widget\" data-widget_type=\"image.default\">\n\t\t\t\t<div class=\"elementor-widget-container\">\n\t\t\t\t\t\t\t\t\t\t\t\t\t\t\t<img decoding=\"async\" width=\"800\" height=\"345\" src=\"https:\/\/eunate.org\/wp-content\/uploads\/2023\/10\/ORGANIGRAMA-EUNATE-1-1024x441.jpg\" class=\"attachment-large size-large wp-image-1549\" alt=\"Organigrama\" srcset=\"https:\/\/eunate.org\/wp-content\/uploads\/2023\/10\/ORGANIGRAMA-EUNATE-1-1024x441.jpg 1024w, https:\/\/eunate.org\/wp-content\/uploads\/2023\/10\/ORGANIGRAMA-EUNATE-1-300x129.jpg 300w, https:\/\/eunate.org\/wp-content\/uploads\/2023\/10\/ORGANIGRAMA-EUNATE-1-768x330.jpg 768w, https:\/\/eunate.org\/wp-content\/uploads\/2023\/10\/ORGANIGRAMA-EUNATE-1-1536x661.jpg 1536w, https:\/\/eunate.org\/wp-content\/uploads\/2023\/10\/ORGANIGRAMA-EUNATE-1-2048x881.jpg 2048w, https:\/\/eunate.org\/wp-content\/uploads\/2023\/10\/ORGANIGRAMA-EUNATE-1-18x8.jpg 18w\" sizes=\"(max-width: 800px) 100vw, 800px\" \/>\t\t\t\t\t\t\t\t\t\t\t\t\t\t\t<\/div>\n\t\t\t\t<\/div>\n\t\t\t\t\t<\/div>\n\t\t<\/div>\n\t\t\t\t\t<\/div>\n\t\t<\/section>\n\t\t\t\t<section class=\"elementor-section elementor-top-section elementor-element elementor-element-ca7f648 elementor-section-boxed elementor-section-height-default elementor-section-height-default\" data-id=\"ca7f648\" data-element_type=\"section\" data-e-type=\"section\">\n\t\t\t\t\t\t<div class=\"elementor-container elementor-column-gap-default\">\n\t\t\t\t\t<div class=\"elementor-column elementor-col-100 elementor-top-column elementor-element elementor-element-09cca65\" data-id=\"09cca65\" data-element_type=\"column\" data-e-type=\"column\">\n\t\t\t<div class=\"elementor-widget-wrap\">\n\t\t\t\t\t\t\t<\/div>\n\t\t<\/div>\n\t\t\t\t\t<\/div>\n\t\t<\/section>\n\t\t\t\t<\/div>","protected":false},"excerpt":{"rendered":"<p>En primer lugar queremos agradecerte que hayas accedido a nuestra p\u00e1gina, invit\u00e1ndote a navegar por ella y conocer mejor la funci\u00f3n que desempe\u00f1a nuestra Asociaci\u00f3n:Eunate es la asociaci\u00f3n de familias de personas sordas de Navarra, una entidad sin \u00e1nimo de lucro promovida por un grupo de padres y madres de ni\u00f1as y ni\u00f1os con discapacidad [&hellip;]<\/p>","protected":false},"author":3,"featured_media":661,"parent":48,"menu_order":0,"comment_status":"closed","ping_status":"closed","template":"elementor_theme","meta":{"footnotes":""},"class_list":["post-91","page","type-page","status-publish","has-post-thumbnail","hentry"],"yoast_head":"<!-- This site is optimized with the Yoast SEO plugin v27.4 - https:\/\/yoast.com\/product\/yoast-seo-wordpress\/ -->\n<title>Qui\u00e9nes somos - Asociaci\u00f3n Eunate Elkartea<\/title>\n<meta name=\"description\" content=\"\ud83d\udccc Con\u00f3cenos m\u00e1s y descubre que hacemos en \ud83d\udc49 Accisor\" \/>\n<meta name=\"robots\" content=\"index, follow, max-snippet:-1, max-image-preview:large, max-video-preview:-1\" \/>\n<link rel=\"canonical\" href=\"https:\/\/eunate.org\/eu\/inicio\/quienes-somos\/\" \/>\n<meta property=\"og:locale\" content=\"en_US\" \/>\n<meta property=\"og:type\" content=\"article\" \/>\n<meta property=\"og:title\" content=\"Qui\u00e9nes somos - Asociaci\u00f3n Eunate Elkartea\" \/>\n<meta property=\"og:description\" content=\"\ud83d\udccc Con\u00f3cenos m\u00e1s y descubre que hacemos en \ud83d\udc49 Accisor\" \/>\n<meta property=\"og:url\" content=\"https:\/\/eunate.org\/eu\/inicio\/quienes-somos\/\" \/>\n<meta property=\"og:site_name\" content=\"Asociaci\u00f3n Eunate Elkartea\" \/>\n<meta property=\"article:modified_time\" content=\"2025-01-13T10:37:01+00:00\" \/>\n<meta property=\"og:image\" content=\"https:\/\/eunate.org\/wp-content\/uploads\/2021\/09\/Quienes-somos.jpg\" \/>\n\t<meta property=\"og:image:width\" content=\"340\" \/>\n\t<meta property=\"og:image:height\" content=\"225\" \/>\n\t<meta property=\"og:image:type\" content=\"image\/jpeg\" \/>\n<meta name=\"twitter:card\" content=\"summary_large_image\" \/>\n<meta name=\"twitter:label1\" content=\"Est. reading time\" \/>\n\t<meta name=\"twitter:data1\" content=\"5 minutua\" \/>\n<script type=\"application\/ld+json\" class=\"yoast-schema-graph\">{\"@context\":\"https:\\\/\\\/schema.org\",\"@graph\":[{\"@type\":\"WebPage\",\"@id\":\"https:\\\/\\\/eunate.org\\\/inicio\\\/quienes-somos\\\/\",\"url\":\"https:\\\/\\\/eunate.org\\\/inicio\\\/quienes-somos\\\/\",\"name\":\"Qui\u00e9nes somos - Asociaci\u00f3n Eunate Elkartea\",\"isPartOf\":{\"@id\":\"https:\\\/\\\/eunate.org\\\/#website\"},\"primaryImageOfPage\":{\"@id\":\"https:\\\/\\\/eunate.org\\\/inicio\\\/quienes-somos\\\/#primaryimage\"},\"image\":{\"@id\":\"https:\\\/\\\/eunate.org\\\/inicio\\\/quienes-somos\\\/#primaryimage\"},\"thumbnailUrl\":\"https:\\\/\\\/eunate.org\\\/wp-content\\\/uploads\\\/2021\\\/09\\\/Quienes-somos.jpg\",\"datePublished\":\"2021-04-26T15:40:32+00:00\",\"dateModified\":\"2025-01-13T10:37:01+00:00\",\"description\":\"\ud83d\udccc Con\u00f3cenos m\u00e1s y descubre que hacemos en \ud83d\udc49 Accisor\",\"breadcrumb\":{\"@id\":\"https:\\\/\\\/eunate.org\\\/inicio\\\/quienes-somos\\\/#breadcrumb\"},\"inLanguage\":\"eu\",\"potentialAction\":[{\"@type\":\"ReadAction\",\"target\":[\"https:\\\/\\\/eunate.org\\\/inicio\\\/quienes-somos\\\/\"]}]},{\"@type\":\"ImageObject\",\"inLanguage\":\"eu\",\"@id\":\"https:\\\/\\\/eunate.org\\\/inicio\\\/quienes-somos\\\/#primaryimage\",\"url\":\"https:\\\/\\\/eunate.org\\\/wp-content\\\/uploads\\\/2021\\\/09\\\/Quienes-somos.jpg\",\"contentUrl\":\"https:\\\/\\\/eunate.org\\\/wp-content\\\/uploads\\\/2021\\\/09\\\/Quienes-somos.jpg\",\"width\":340,\"height\":225,\"caption\":\"Qui\u00e9nes somos\"},{\"@type\":\"BreadcrumbList\",\"@id\":\"https:\\\/\\\/eunate.org\\\/inicio\\\/quienes-somos\\\/#breadcrumb\",\"itemListElement\":[{\"@type\":\"ListItem\",\"position\":1,\"name\":\"Inicio\",\"item\":\"https:\\\/\\\/eunate.org\\\/\"},{\"@type\":\"ListItem\",\"position\":2,\"name\":\"Inicio\",\"item\":\"https:\\\/\\\/eunate.org\\\/\"},{\"@type\":\"ListItem\",\"position\":3,\"name\":\"Qui\u00e9nes somos\"}]},{\"@type\":\"WebSite\",\"@id\":\"https:\\\/\\\/eunate.org\\\/#website\",\"url\":\"https:\\\/\\\/eunate.org\\\/\",\"name\":\"Asociaci\u00f3n Eunate Elkartea\",\"description\":\"Asociaci\u00f3n de Familias de personas sordas de Navarra\",\"publisher\":{\"@id\":\"https:\\\/\\\/eunate.org\\\/#organization\"},\"potentialAction\":[{\"@type\":\"SearchAction\",\"target\":{\"@type\":\"EntryPoint\",\"urlTemplate\":\"https:\\\/\\\/eunate.org\\\/?s={search_term_string}\"},\"query-input\":{\"@type\":\"PropertyValueSpecification\",\"valueRequired\":true,\"valueName\":\"search_term_string\"}}],\"inLanguage\":\"eu\"},{\"@type\":\"Organization\",\"@id\":\"https:\\\/\\\/eunate.org\\\/#organization\",\"name\":\"Accisor\",\"url\":\"https:\\\/\\\/eunate.org\\\/\",\"logo\":{\"@type\":\"ImageObject\",\"inLanguage\":\"eu\",\"@id\":\"https:\\\/\\\/eunate.org\\\/#\\\/schema\\\/logo\\\/image\\\/\",\"url\":\"https:\\\/\\\/accisor.org\\\/wp-content\\\/uploads\\\/2021\\\/06\\\/favicon-accisor.png\",\"contentUrl\":\"https:\\\/\\\/accisor.org\\\/wp-content\\\/uploads\\\/2021\\\/06\\\/favicon-accisor.png\",\"width\":500,\"height\":500,\"caption\":\"Accisor\"},\"image\":{\"@id\":\"https:\\\/\\\/eunate.org\\\/#\\\/schema\\\/logo\\\/image\\\/\"}}]}<\/script>\n<!-- \/ Yoast SEO plugin. -->","yoast_head_json":{"title":"Qui\u00e9nes somos - Asociaci\u00f3n Eunate Elkartea","description":"\ud83d\udccc Con\u00f3cenos m\u00e1s y descubre que hacemos en \ud83d\udc49 Accisor","robots":{"index":"index","follow":"follow","max-snippet":"max-snippet:-1","max-image-preview":"max-image-preview:large","max-video-preview":"max-video-preview:-1"},"canonical":"https:\/\/eunate.org\/eu\/inicio\/quienes-somos\/","og_locale":"en_US","og_type":"article","og_title":"Qui\u00e9nes somos - Asociaci\u00f3n Eunate Elkartea","og_description":"\ud83d\udccc Con\u00f3cenos m\u00e1s y descubre que hacemos en \ud83d\udc49 Accisor","og_url":"https:\/\/eunate.org\/eu\/inicio\/quienes-somos\/","og_site_name":"Asociaci\u00f3n Eunate Elkartea","article_modified_time":"2025-01-13T10:37:01+00:00","og_image":[{"width":340,"height":225,"url":"https:\/\/eunate.org\/wp-content\/uploads\/2021\/09\/Quienes-somos.jpg","type":"image\/jpeg"}],"twitter_card":"summary_large_image","twitter_misc":{"Est. reading time":"5 minutua"},"schema":{"@context":"https:\/\/schema.org","@graph":[{"@type":"WebPage","@id":"https:\/\/eunate.org\/inicio\/quienes-somos\/","url":"https:\/\/eunate.org\/inicio\/quienes-somos\/","name":"Qui\u00e9nes somos - Asociaci\u00f3n Eunate Elkartea","isPartOf":{"@id":"https:\/\/eunate.org\/#website"},"primaryImageOfPage":{"@id":"https:\/\/eunate.org\/inicio\/quienes-somos\/#primaryimage"},"image":{"@id":"https:\/\/eunate.org\/inicio\/quienes-somos\/#primaryimage"},"thumbnailUrl":"https:\/\/eunate.org\/wp-content\/uploads\/2021\/09\/Quienes-somos.jpg","datePublished":"2021-04-26T15:40:32+00:00","dateModified":"2025-01-13T10:37:01+00:00","description":"\ud83d\udccc Con\u00f3cenos m\u00e1s y descubre que hacemos en \ud83d\udc49 Accisor","breadcrumb":{"@id":"https:\/\/eunate.org\/inicio\/quienes-somos\/#breadcrumb"},"inLanguage":"eu","potentialAction":[{"@type":"ReadAction","target":["https:\/\/eunate.org\/inicio\/quienes-somos\/"]}]},{"@type":"ImageObject","inLanguage":"eu","@id":"https:\/\/eunate.org\/inicio\/quienes-somos\/#primaryimage","url":"https:\/\/eunate.org\/wp-content\/uploads\/2021\/09\/Quienes-somos.jpg","contentUrl":"https:\/\/eunate.org\/wp-content\/uploads\/2021\/09\/Quienes-somos.jpg","width":340,"height":225,"caption":"Qui\u00e9nes somos"},{"@type":"BreadcrumbList","@id":"https:\/\/eunate.org\/inicio\/quienes-somos\/#breadcrumb","itemListElement":[{"@type":"ListItem","position":1,"name":"Inicio","item":"https:\/\/eunate.org\/"},{"@type":"ListItem","position":2,"name":"Inicio","item":"https:\/\/eunate.org\/"},{"@type":"ListItem","position":3,"name":"Qui\u00e9nes somos"}]},{"@type":"WebSite","@id":"https:\/\/eunate.org\/#website","url":"https:\/\/eunate.org\/","name":"Asociaci\u00f3n Eunate Elkartea","description":"Asociaci\u00f3n de Familias de personas sordas de Navarra","publisher":{"@id":"https:\/\/eunate.org\/#organization"},"potentialAction":[{"@type":"SearchAction","target":{"@type":"EntryPoint","urlTemplate":"https:\/\/eunate.org\/?s={search_term_string}"},"query-input":{"@type":"PropertyValueSpecification","valueRequired":true,"valueName":"search_term_string"}}],"inLanguage":"eu"},{"@type":"Organization","@id":"https:\/\/eunate.org\/#organization","name":"Accisor","url":"https:\/\/eunate.org\/","logo":{"@type":"ImageObject","inLanguage":"eu","@id":"https:\/\/eunate.org\/#\/schema\/logo\/image\/","url":"https:\/\/accisor.org\/wp-content\/uploads\/2021\/06\/favicon-accisor.png","contentUrl":"https:\/\/accisor.org\/wp-content\/uploads\/2021\/06\/favicon-accisor.png","width":500,"height":500,"caption":"Accisor"},"image":{"@id":"https:\/\/eunate.org\/#\/schema\/logo\/image\/"}}]}},"_links":{"self":[{"href":"https:\/\/eunate.org\/eu\/wp-json\/wp\/v2\/pages\/91","targetHints":{"allow":["GET"]}}],"collection":[{"href":"https:\/\/eunate.org\/eu\/wp-json\/wp\/v2\/pages"}],"about":[{"href":"https:\/\/eunate.org\/eu\/wp-json\/wp\/v2\/types\/page"}],"author":[{"embeddable":true,"href":"https:\/\/eunate.org\/eu\/wp-json\/wp\/v2\/users\/3"}],"replies":[{"embeddable":true,"href":"https:\/\/eunate.org\/eu\/wp-json\/wp\/v2\/comments?post=91"}],"version-history":[{"count":0,"href":"https:\/\/eunate.org\/eu\/wp-json\/wp\/v2\/pages\/91\/revisions"}],"up":[{"embeddable":true,"href":"https:\/\/eunate.org\/eu\/wp-json\/wp\/v2\/pages\/48"}],"wp:featuredmedia":[{"embeddable":true,"href":"https:\/\/eunate.org\/eu\/wp-json\/wp\/v2\/media\/661"}],"wp:attachment":[{"href":"https:\/\/eunate.org\/eu\/wp-json\/wp\/v2\/media?parent=91"}],"curies":[{"name":"wp","href":"https:\/\/api.w.org\/{rel}","templated":true}]}}